{"id":360,"date":"2013-03-29T16:03:19","date_gmt":"2013-03-29T16:03:19","guid":{"rendered":"http:\/\/oscarbribian.com\/?page_id=360"},"modified":"2016-09-05T01:32:21","modified_gmt":"2016-09-04T23:32:21","slug":"novedades","status":"publish","type":"page","link":"http:\/\/oscarbribian.com\/?page_id=360","title":{"rendered":"Novedades"},"content":{"rendered":"<p><strong><span style=\"color: #ff0000;\">\u00abIS COMING\u00bb (<\/span><span style=\"color: #ff0000;\">septiembre<\/span><span style=\"color: #ff0000;\">\u00a0de 2016)<\/span><\/strong><\/p>\n<p>Muy pronto ver\u00e1 la luz una m\u00e1s de mis novelas. Un regreso al terror psicol\u00f3gico. Escrita hace 8 a\u00f1os, nada menos. Relegada por diversos motivos hasta ahora. Varios contratos firmados con editoriales que no prosperaron. Finalista de un certamen nacional. Ahora s\u00ed, parece que por fin se acerca.\u00a0La novela tras la que decid\u00ed dejar de escribir por las noches. Pronto, m\u00e1s informaci\u00f3n.<\/p>\n<p><a href=\"https:\/\/i0.wp.com\/oscarbribian.com\/wp-content\/uploads\/2016\/09\/imagen1_secretodedalus.jpg\"><img data-recalc-dims=\"1\" loading=\"lazy\" decoding=\"async\" class=\"alignnone wp-image-1110 size-medium\" src=\"https:\/\/i0.wp.com\/oscarbribian.com\/wp-content\/uploads\/2016\/09\/imagen1_secretodedalus-241x300.jpg?resize=241%2C300\" alt=\"imagen1_secretodedalus\" width=\"241\" height=\"300\" \/><\/a><\/p>\n<p><strong><span style=\"color: #ff0000;\">\u00abEL SUE\u00d1O DEL DEPREDADOR\u00bb, YA A LA VENTA (octubre\u00a0de 2014)<\/span><\/strong><\/p>\n<p>\u00abEl sue\u00f1o del depredador\u00bb\u00a0comienza su andadura. A partir del 6 de octubre estar\u00e1 en las principales librer\u00edas del pa\u00eds, incluyendo todas las Casas del Libro, FNAC, etc. Con un poco de antelaci\u00f3n, en la FNAC de Zaragoza ya est\u00e1n disponibles unos cuantos ejemplares en la secci\u00f3n \u00abNovedades\u00bb, como muestra la imagen.<\/p>\n<p><a href=\"https:\/\/i0.wp.com\/oscarbribian.com\/wp-content\/uploads\/2013\/03\/FNAC1sue%C3%B1o-del-depredador_bribian.jpg\"><img data-recalc-dims=\"1\" loading=\"lazy\" decoding=\"async\" data-attachment-id=\"914\" data-permalink=\"http:\/\/oscarbribian.com\/?attachment_id=914\" data-orig-file=\"https:\/\/i0.wp.com\/oscarbribian.com\/wp-content\/uploads\/2013\/03\/FNAC1sue%C3%B1o-del-depredador_bribian.jpg?fit=240%2C320\" data-orig-size=\"240,320\" data-comments-opened=\"1\" data-image-meta=\"{&quot;aperture&quot;:&quot;0&quot;,&quot;credit&quot;:&quot;&quot;,&quot;camera&quot;:&quot;&quot;,&quot;caption&quot;:&quot;&quot;,&quot;created_timestamp&quot;:&quot;0&quot;,&quot;copyright&quot;:&quot;&quot;,&quot;focal_length&quot;:&quot;0&quot;,&quot;iso&quot;:&quot;0&quot;,&quot;shutter_speed&quot;:&quot;0&quot;,&quot;title&quot;:&quot;&quot;,&quot;orientation&quot;:&quot;1&quot;}\" data-image-title=\"FNAC1sue\u00f1o del depredador_bribian\" data-image-description=\"\" data-image-caption=\"\" data-large-file=\"https:\/\/i0.wp.com\/oscarbribian.com\/wp-content\/uploads\/2013\/03\/FNAC1sue%C3%B1o-del-depredador_bribian.jpg?fit=240%2C320\" class=\"alignnone size-full wp-image-914\" src=\"https:\/\/i0.wp.com\/oscarbribian.com\/wp-content\/uploads\/2013\/03\/FNAC1sue%C3%B1o-del-depredador_bribian.jpg?resize=240%2C320\" alt=\"FNAC1sue\u00f1o del depredador_bribian\" width=\"240\" height=\"320\" srcset=\"https:\/\/i0.wp.com\/oscarbribian.com\/wp-content\/uploads\/2013\/03\/FNAC1sue%C3%B1o-del-depredador_bribian.jpg?w=240 240w, https:\/\/i0.wp.com\/oscarbribian.com\/wp-content\/uploads\/2013\/03\/FNAC1sue%C3%B1o-del-depredador_bribian.jpg?resize=225%2C300 225w\" sizes=\"auto, (max-width: 240px) 100vw, 240px\" \/><\/a><\/p>\n<p>De momento, la tourn\u00e9 de entrevistas en medios de prensa y eventos de octubre ser\u00e1 el siguiente:<\/p>\n<p>29\/09\/14 16:30 RNE Zaragoza (diferido y emitido a partir del d\u00eda 6)<\/p>\n<p>05\/10\/14 13:25 <span class=\"il\">Cadena<\/span> <span class=\"il\">Ser<\/span> Zaragoza (en directo). Programa \u00abA vivir Arag\u00f3n\u00bb<\/p>\n<p>06\/10\/14 11:30 Radio Ebro (directo)<\/p>\n<p>07\/06\/14 14:30 RNE- Programa \u00abTodos somos sospechosos\u00bb (diferido)<\/p>\n<p>17\/09\/14 Arag\u00f3n Televisi\u00f3n (directo). Programa: \u00abBuenos d\u00edas Arag\u00f3n\u00bb<\/p>\n<p>16\/10\/14 Presentaci\u00f3n en Zaragoza. Sala F\u00f3rum de Fnac Plaza Espa\u00f1a.<\/p>\n<p>17\/10\/14 Presentaci\u00f3n en Huesca. Librer\u00eda Santos Ochoa.<\/p>\n<p>25\/10\/14 Presentaci\u00f3n en Getafe Negro.<\/p>\n<p>&nbsp;<\/p>\n<p><span style=\"color: #ff0000;\"><strong>\u00abEL SUE\u00d1O DEL DEPREDADOR\u00bb SALDR\u00c1 A LA VENTA\u00a0EL 6 DE OCTUBRE.<\/strong><\/span><\/p>\n<p>Solo quedan dos meses para\u00a0comenzar a distribuirse mi\u00a0novela negra en las librer\u00edas. Poco a poco ir\u00e9 actualizando en mis perfiles de las redes sociales algunas curiosidades, an\u00e9cdotas y comentarios sobre la historia, para ilustrar un poco su gestaci\u00f3n y desarrollo. Sin spoilers, por supuesto.<\/p>\n<p><a href=\"https:\/\/i0.wp.com\/oscarbribian.com\/wp-content\/uploads\/2014\/08\/mini_depredador_oscarbribian.jpg\"><img data-recalc-dims=\"1\" loading=\"lazy\" decoding=\"async\" data-attachment-id=\"640\" data-permalink=\"http:\/\/oscarbribian.com\/?attachment_id=640\" data-orig-file=\"https:\/\/i0.wp.com\/oscarbribian.com\/wp-content\/uploads\/2014\/08\/mini_depredador_oscarbribian.jpg?fit=396%2C591\" data-orig-size=\"396,591\" data-comments-opened=\"1\" data-image-meta=\"{&quot;aperture&quot;:&quot;0&quot;,&quot;credit&quot;:&quot;&quot;,&quot;camera&quot;:&quot;&quot;,&quot;caption&quot;:&quot;&quot;,&quot;created_timestamp&quot;:&quot;0&quot;,&quot;copyright&quot;:&quot;&quot;,&quot;focal_length&quot;:&quot;0&quot;,&quot;iso&quot;:&quot;0&quot;,&quot;shutter_speed&quot;:&quot;0&quot;,&quot;title&quot;:&quot;&quot;}\" data-image-title=\"mini_depredador_oscarbribian\" data-image-description=\"\" data-image-caption=\"\" data-large-file=\"https:\/\/i0.wp.com\/oscarbribian.com\/wp-content\/uploads\/2014\/08\/mini_depredador_oscarbribian.jpg?fit=396%2C591\" class=\"alignnone wp-image-640\" src=\"https:\/\/i0.wp.com\/oscarbribian.com\/wp-content\/uploads\/2014\/08\/mini_depredador_oscarbribian.jpg?resize=209%2C312\" alt=\"mini_depredador_oscarbribian\" width=\"209\" height=\"312\" srcset=\"https:\/\/i0.wp.com\/oscarbribian.com\/wp-content\/uploads\/2014\/08\/mini_depredador_oscarbribian.jpg?w=396 396w, https:\/\/i0.wp.com\/oscarbribian.com\/wp-content\/uploads\/2014\/08\/mini_depredador_oscarbribian.jpg?resize=201%2C300 201w\" sizes=\"auto, (max-width: 209px) 100vw, 209px\" \/><\/a><\/p>\n<p>&nbsp;<\/p>\n<p><span style=\"color: #ff0000;\"><strong>DOS PUBLICACIONES PARA 2014 Y 2015.<\/strong><\/span><\/p>\n<p>Tropo editores piensa publicar mi novela \u00abPerros en la Atl\u00e1ntida\u00bb (ganadora del Premio Entreescritores) en 2015. Antes, para septiembre-octubre de 2014, est\u00e1 prevista la publicaci\u00f3n de una novela negra por una editorial afincada en Barcelona. Est\u00e1n siendo unos meses muy positivos, con contratos firmados y noticias alentadoras.<\/p>\n<p>&nbsp;<\/p>\n<p><strong><span style=\"color: #ff0000;\">\u00abMENTES PERVERSAS\u00bb PARA EBOOK<\/span><\/strong><\/p>\n<p><em>Mentes perversas<\/em> ya puede conseguirse para ebook, a precios m\u00ednimos.<\/p>\n<p><img data-recalc-dims=\"1\" loading=\"lazy\" decoding=\"async\" data-attachment-id=\"387\" data-permalink=\"http:\/\/oscarbribian.com\/?attachment_id=387\" data-orig-file=\"https:\/\/i0.wp.com\/oscarbribian.com\/wp-content\/uploads\/2013\/03\/mentesperversas_banner.jpg?fit=600%2C250\" data-orig-size=\"600,250\" data-comments-opened=\"1\" data-image-meta=\"{&quot;aperture&quot;:&quot;0&quot;,&quot;credit&quot;:&quot;&quot;,&quot;camera&quot;:&quot;&quot;,&quot;caption&quot;:&quot;&quot;,&quot;created_timestamp&quot;:&quot;0&quot;,&quot;copyright&quot;:&quot;&quot;,&quot;focal_length&quot;:&quot;0&quot;,&quot;iso&quot;:&quot;0&quot;,&quot;shutter_speed&quot;:&quot;0&quot;,&quot;title&quot;:&quot;&quot;}\" data-image-title=\"mentesperversas_banner\" data-image-description=\"\" data-image-caption=\"\" data-large-file=\"https:\/\/i0.wp.com\/oscarbribian.com\/wp-content\/uploads\/2013\/03\/mentesperversas_banner.jpg?fit=600%2C250\" class=\"alignnone size-full wp-image-387\" style=\"font-size: 0.8em; line-height: normal;\" src=\"https:\/\/i0.wp.com\/oscarbribian.com\/wp-content\/uploads\/2013\/03\/mentesperversas_banner.jpg?resize=600%2C250\" alt=\"mentesperversas_banner\" width=\"600\" height=\"250\" srcset=\"https:\/\/i0.wp.com\/oscarbribian.com\/wp-content\/uploads\/2013\/03\/mentesperversas_banner.jpg?w=600 600w, https:\/\/i0.wp.com\/oscarbribian.com\/wp-content\/uploads\/2013\/03\/mentesperversas_banner.jpg?resize=300%2C125 300w\" sizes=\"auto, (max-width: 600px) 100vw, 600px\" \/><\/p>\n<p><em>Mentes Perversas pretende ahondar en la psicolog\u00eda humana y explorar la maldad en todas sus vertientes, en las sutiles y en las m\u00e1s extremas, mediante una prosa \u00e1gil y adictiva. La envidia, el horror, el sexo y el humor m\u00e1s sutil subyacen bajo las desequilibradas mentes de los protagonistas, en una obra donde la locura se diluye en un mosaico de pasiones.<\/em><\/p>\n<p>Disponible en <a href=\"http:\/\/www.amazon.es\/Mentes-perversas-ebook\/dp\/B00AFK6LVW\/ref=sr_1_1?s=digital-text&amp;ie=UTF8&amp;qid=1356266501&amp;sr=1-1\" target=\"_blank\">Amazon <\/a>para Kindle y en <a href=\"https:\/\/literaturame.net\/libro\/mentes-perversas\" target=\"_blank\">Literat\u00farame <\/a>para formato epub.<\/p>\n<p>Comprar el libro impreso en <a href=\"http:\/\/www.casadellibro.com\/libro-mentes-perversas\/9788484653288\/1652523\" target=\"_blank\">Casa del libro<\/a><\/p>\n<p>&nbsp;<\/p>\n<p><strong><span style=\"color: #ff0000;\">PUBLICACI\u00d3N DE \u00abEN EL ZULO\u00bb (2012)<\/span><\/strong><\/p>\n<p>El c\u00f3mic de intriga <em>En el zulo<\/em>\u00a0(obra ganadora del Premio de Creaci\u00f3n Joven de Arag\u00f3n 2010),\u00a0ha sido publicado en formato impreso (B\/N) y en digital por la editorial Saco de Huesos.<\/p>\n<p><a style=\"font-size: 0.8em;\" href=\"https:\/\/i0.wp.com\/oscarbribian.com\/wp-content\/uploads\/2013\/03\/enelzulo_banner.jpg\"><img data-recalc-dims=\"1\" loading=\"lazy\" decoding=\"async\" data-attachment-id=\"386\" data-permalink=\"http:\/\/oscarbribian.com\/?attachment_id=386\" data-orig-file=\"https:\/\/i0.wp.com\/oscarbribian.com\/wp-content\/uploads\/2013\/03\/enelzulo_banner.jpg?fit=600%2C250\" data-orig-size=\"600,250\" data-comments-opened=\"1\" data-image-meta=\"{&quot;aperture&quot;:&quot;0&quot;,&quot;credit&quot;:&quot;&quot;,&quot;camera&quot;:&quot;&quot;,&quot;caption&quot;:&quot;&quot;,&quot;created_timestamp&quot;:&quot;0&quot;,&quot;copyright&quot;:&quot;&quot;,&quot;focal_length&quot;:&quot;0&quot;,&quot;iso&quot;:&quot;0&quot;,&quot;shutter_speed&quot;:&quot;0&quot;,&quot;title&quot;:&quot;&quot;}\" data-image-title=\"enelzulo_banner\" data-image-description=\"\" data-image-caption=\"\" data-large-file=\"https:\/\/i0.wp.com\/oscarbribian.com\/wp-content\/uploads\/2013\/03\/enelzulo_banner.jpg?fit=600%2C250\" class=\"alignnone size-full wp-image-386\" src=\"https:\/\/i0.wp.com\/oscarbribian.com\/wp-content\/uploads\/2013\/03\/enelzulo_banner.jpg?resize=600%2C250\" alt=\"enelzulo_banner\" width=\"600\" height=\"250\" srcset=\"https:\/\/i0.wp.com\/oscarbribian.com\/wp-content\/uploads\/2013\/03\/enelzulo_banner.jpg?w=600 600w, https:\/\/i0.wp.com\/oscarbribian.com\/wp-content\/uploads\/2013\/03\/enelzulo_banner.jpg?resize=300%2C125 300w\" sizes=\"auto, (max-width: 600px) 100vw, 600px\" \/><\/a><\/p>\n<p><em>\u00bfUn hombre encerrado en un zulo? \u00bfuna mente atrapada en un cuerpo? \u00bfUn individuo deglutido por la masa? Un mundo de malvados sin rostro. Cobardes sin conciencia. Una met\u00e1fora de la sociedad actual, agobiante, opresiva, terror\u00edfica.\u00a0Un lugar desconocido, oculto, asfixiante, nos descubre a unos\u00a0hermanos Bribi\u00e1n, m\u00e1s oscuros que nunca.<\/em><\/p>\n<p><strong>Juan\u00a0Royo<\/strong><br \/>\n(Premio Popular a la Divulgaci\u00f3n del C\u00f3mic en el 29\u00ba Sal\u00f3n Internacional del C\u00f3mic de Barcelona)<\/p>\n<p>Si quieres saber m\u00e1s, entra en:\u00a0<a href=\"http:\/\/www.enelzulocomic.blogspot.com.es\/\" target=\"_blank\">http:\/\/www.enelzulocomic.blogspot.com.es\/<\/a><\/p>\n<p>Disponible en\u00a0<a href=\"http:\/\/www.amazon.es\/zulo-Saco-huesos-Ediciones-ebook\/dp\/B008FRWEGI\/ref=sr_1_3?ie=UTF8&amp;qid=1343944546&amp;sr=8-3\" target=\"_blank\">Amazon\u00a0<\/a>para Kindle.<\/p>\n<p>Disponible en la web de la editorial <a href=\"http:\/\/sacodehuesos.com\/taradana\/en-el-zulo\" target=\"_blank\">Saco de Huesos<\/a> en varios formatos (.mobi, .pdf y .epub) por 1,73\u20ac y de forma impresa por 10 \u20ac.<\/p>\n<p>&nbsp;<\/p>\n<p>&nbsp;<\/p>\n<p>&nbsp;<\/p>\n","protected":false},"excerpt":{"rendered":"<p>\u00abIS COMING\u00bb (septiembre\u00a0de 2016) Muy pronto ver\u00e1 la luz una m\u00e1s de mis novelas. Un regreso al terror psicol\u00f3gico. Escrita hace 8 a\u00f1os, nada menos. Relegada por diversos motivos hasta ahora. Varios contratos firmados con editoriales que no prosperaron. Finalista &hellip; <a href=\"http:\/\/oscarbribian.com\/?page_id=360\">Sigue leyendo <span class=\"meta-nav\">&rarr;<\/span><\/a><\/p>\n","protected":false},"author":1,"featured_media":0,"parent":0,"menu_order":0,"comment_status":"open","ping_status":"open","template":"","meta":{"jetpack_post_was_ever_published":false,"footnotes":""},"class_list":["post-360","page","type-page","status-publish","hentry"],"jetpack_sharing_enabled":true,"jetpack_shortlink":"https:\/\/wp.me\/P9NjCT-5O","jetpack_likes_enabled":true,"jetpack-related-posts":[],"_links":{"self":[{"href":"http:\/\/oscarbribian.com\/index.php?rest_route=\/wp\/v2\/pages\/360","targetHints":{"allow":["GET"]}}],"collection":[{"href":"http:\/\/oscarbribian.com\/index.php?rest_route=\/wp\/v2\/pages"}],"about":[{"href":"http:\/\/oscarbribian.com\/index.php?rest_route=\/wp\/v2\/types\/page"}],"author":[{"embeddable":true,"href":"http:\/\/oscarbribian.com\/index.php?rest_route=\/wp\/v2\/users\/1"}],"replies":[{"embeddable":true,"href":"http:\/\/oscarbribian.com\/index.php?rest_route=%2Fwp%2Fv2%2Fcomments&post=360"}],"version-history":[{"count":16,"href":"http:\/\/oscarbribian.com\/index.php?rest_route=\/wp\/v2\/pages\/360\/revisions"}],"predecessor-version":[{"id":1115,"href":"http:\/\/oscarbribian.com\/index.php?rest_route=\/wp\/v2\/pages\/360\/revisions\/1115"}],"wp:attachment":[{"href":"http:\/\/oscarbribian.com\/index.php?rest_route=%2Fwp%2Fv2%2Fmedia&parent=360"}],"curies":[{"name":"wp","href":"https:\/\/api.w.org\/{rel}","templated":true}]}}